{"id":2892,"date":"2023-11-07T13:06:34","date_gmt":"2023-11-07T13:06:34","guid":{"rendered":"https:\/\/headroomx.de\/?page_id=2892"},"modified":"2024-12-27T15:58:41","modified_gmt":"2024-12-27T15:58:41","slug":"a2-gruen","status":"publish","type":"page","link":"https:\/\/headroomx.de\/?page_id=2892","title":{"rendered":"MG4 Electric"},"content":{"rendered":"\n<p>Besser gesagt: MG4 Electric 64 kWh Luxury<\/p>\n\n\n\n<p>Nachdem ich f\u00fcr 2 bis 3 Jahre nochmal ein Auto brauche (zus\u00e4tzlich zu den vorhandenen), habe ich beschlossen, einen Stromer zu leasen. <\/p>\n\n\n\n<p>Meine Wahl fiel auf den MG, weil er mir gef\u00e4llt, der Denkansatz von MG von Grund auf ein E-Auto ist, und nicht wie bei den deutschen Herstellern, die f\u00fcr Verbrenner und Stromer die gleiche Konstruktion verwenden, also Kompromisse in der Akkuanordnung machen.<\/p>\n\n\n\n<figure class=\"wp-block-image size-large\"><img loading=\"lazy\" decoding=\"async\" width=\"1024\" height=\"564\" src=\"https:\/\/headroomx.de\/wp-content\/uploads\/2024\/11\/MG4b-1024x564.jpeg\" alt=\"\" class=\"wp-image-4317\" srcset=\"https:\/\/headroomx.de\/wp-content\/uploads\/2024\/11\/MG4b-1024x564.jpeg 1024w, https:\/\/headroomx.de\/wp-content\/uploads\/2024\/11\/MG4b-300x165.jpeg 300w, https:\/\/headroomx.de\/wp-content\/uploads\/2024\/11\/MG4b-768x423.jpeg 768w, https:\/\/headroomx.de\/wp-content\/uploads\/2024\/11\/MG4b-1536x846.jpeg 1536w, https:\/\/headroomx.de\/wp-content\/uploads\/2024\/11\/MG4b-2048x1128.jpeg 2048w\" sizes=\"auto, (max-width: 1024px) 100vw, 1024px\" \/><\/figure>\n\n\n\n<p>Nun jedenfalls ist er jetzt da. Mir gef\u00e4llt er, auch wenn das Design ein wenig progressiv ist.<\/p>\n\n\n\n<figure class=\"wp-block-image size-large\"><img loading=\"lazy\" decoding=\"async\" width=\"1024\" height=\"742\" src=\"https:\/\/headroomx.de\/wp-content\/uploads\/2024\/11\/MG4a-1024x742.jpeg\" alt=\"\" class=\"wp-image-4316\" srcset=\"https:\/\/headroomx.de\/wp-content\/uploads\/2024\/11\/MG4a-1024x742.jpeg 1024w, https:\/\/headroomx.de\/wp-content\/uploads\/2024\/11\/MG4a-300x217.jpeg 300w, https:\/\/headroomx.de\/wp-content\/uploads\/2024\/11\/MG4a-768x556.jpeg 768w, https:\/\/headroomx.de\/wp-content\/uploads\/2024\/11\/MG4a-1536x1113.jpeg 1536w, https:\/\/headroomx.de\/wp-content\/uploads\/2024\/11\/MG4a-2048x1484.jpeg 2048w\" sizes=\"auto, (max-width: 1024px) 100vw, 1024px\" \/><\/figure>\n\n\n\n<p>\u00dcberraschend ist der Abzug. Wenn man richtig aufs Gas tritt, geht er los, wie am Gummiband gezogen. Er kn\u00fcppelt nicht los, wie mein fr\u00fcherer Mercedes CLK 230 Kompressor (nicht mit mit echten 2,3 Liter Hubraum), sondern viel sanfter, aber sehr bestimmt. <\/p>\n\n\n\n<figure class=\"wp-block-image size-large\"><img loading=\"lazy\" decoding=\"async\" width=\"1024\" height=\"729\" src=\"https:\/\/headroomx.de\/wp-content\/uploads\/2024\/11\/MG4c-1024x729.jpeg\" alt=\"\" class=\"wp-image-4315\" srcset=\"https:\/\/headroomx.de\/wp-content\/uploads\/2024\/11\/MG4c-1024x729.jpeg 1024w, https:\/\/headroomx.de\/wp-content\/uploads\/2024\/11\/MG4c-300x213.jpeg 300w, https:\/\/headroomx.de\/wp-content\/uploads\/2024\/11\/MG4c-768x546.jpeg 768w, https:\/\/headroomx.de\/wp-content\/uploads\/2024\/11\/MG4c-1536x1093.jpeg 1536w, https:\/\/headroomx.de\/wp-content\/uploads\/2024\/11\/MG4c-2048x1457.jpeg 2048w\" sizes=\"auto, (max-width: 1024px) 100vw, 1024px\" \/><\/figure>\n\n\n\n<p>Weil mich nat\u00fcrlich das auch mal im Vergleich interessiert hat, habe ich mal meine zwei fr\u00fcheren Mercedes Coupes und andere aktuelle Elektroautos gegen\u00fcber gestellt. <\/p>\n\n\n\n<figure class=\"wp-block-table\"><table class=\"has-fixed-layout\"><thead><tr><th>Fahrzeug<\/th><th>Dauer-leistung<\/th><th>Max. Leistung<\/th><th>Dreh-moment<\/th><th>0-100 kmh<\/th><th>Motor \/ Antrieb<\/th><th>Leer-gewicht<\/th><\/tr><\/thead><tbody><tr><td>MG4 electric Luxury <\/td><td>68 KW <br>(93 PS)<\/td><td>150 KW <br>(204 PS)<\/td><td>250 Nm<\/td><td>7,9s<\/td><td>Heck \/ Heck<\/td><td>1750 kg<\/td><\/tr><tr><td>Mercedes <br>CLK 230 K <\/td><td>142 KW <br>(193 PS)<\/td><td>142 KW <br>(193 PS)<\/td><td>280 Nm<\/td><td>8,4s<\/td><td>Front \/ Heck<\/td><td>ca. 1600 kg<\/td><\/tr><tr><td>Mercedes <br>CLA 220 CDI<\/td><td>125 KW <br>(170 PS)<\/td><td>125 KW <br>(170 PS)<\/td><td>350 Nm<\/td><td>8,2s<\/td><td>Front \/ Front<\/td><td>1615 kg<\/td><\/tr><tr><td>VW ID.3 pro<\/td><td>70 KW <br>(95 PS)<\/td><td>107 KW <br>(145 PS)<\/td><td>275 Nm<\/td><td>9,6s<\/td><td>Heck \/ Heck<\/td><td>1805 kg<\/td><\/tr><tr><td>Opel Astra electric<\/td><td>k.A.<\/td><td>115 KW <br>(156 PS)<\/td><td>270 Nm<\/td><td>9,2s<\/td><td>Front \/ Front<\/td><td>1736 kg<\/td><\/tr><tr><td>FIAT 600 Elektro<\/td><td>k.A.<\/td><td>115 KW <br>(156 PS)<\/td><td>260 Nm<\/td><td>9,0s<\/td><td>Front \/ Front<\/td><td>1520 kg<\/td><\/tr><\/tbody><\/table><\/figure>\n\n\n\n<p>F\u00fcr die, die sich unter den zwei Mercedes nichts vorstellen k\u00f6nnen&#8230;<\/p>\n\n\n\n<figure class=\"wp-block-gallery has-nested-images columns-default is-cropped wp-block-gallery-1 is-layout-flex wp-block-gallery-is-layout-flex\">\n<figure class=\"wp-block-image size-large is-style-default\"><img loading=\"lazy\" decoding=\"async\" width=\"1024\" height=\"768\" data-id=\"4328\" src=\"https:\/\/headroomx.de\/wp-content\/uploads\/2024\/11\/100_3688-1024x768.jpeg\" alt=\"\" class=\"wp-image-4328\" srcset=\"https:\/\/headroomx.de\/wp-content\/uploads\/2024\/11\/100_3688-1024x768.jpeg 1024w, https:\/\/headroomx.de\/wp-content\/uploads\/2024\/11\/100_3688-300x225.jpeg 300w, https:\/\/headroomx.de\/wp-content\/uploads\/2024\/11\/100_3688-768x576.jpeg 768w, https:\/\/headroomx.de\/wp-content\/uploads\/2024\/11\/100_3688.jpeg 1500w\" sizes=\"auto, (max-width: 1024px) 100vw, 1024px\" \/><figcaption class=\"wp-element-caption\">Mercedes CLK 230 K<\/figcaption><\/figure>\n\n\n\n<figure class=\"wp-block-image size-large is-style-default\"><img loading=\"lazy\" decoding=\"async\" width=\"1024\" height=\"768\" data-id=\"4329\" src=\"https:\/\/headroomx.de\/wp-content\/uploads\/2024\/11\/IMG_4821-1024x768.jpeg\" alt=\"\" class=\"wp-image-4329\" srcset=\"https:\/\/headroomx.de\/wp-content\/uploads\/2024\/11\/IMG_4821-1024x768.jpeg 1024w, https:\/\/headroomx.de\/wp-content\/uploads\/2024\/11\/IMG_4821-300x225.jpeg 300w, https:\/\/headroomx.de\/wp-content\/uploads\/2024\/11\/IMG_4821-768x576.jpeg 768w, https:\/\/headroomx.de\/wp-content\/uploads\/2024\/11\/IMG_4821-1536x1152.jpeg 1536w, https:\/\/headroomx.de\/wp-content\/uploads\/2024\/11\/IMG_4821-2048x1536.jpeg 2048w\" sizes=\"auto, (max-width: 1024px) 100vw, 1024px\" \/><figcaption class=\"wp-element-caption\">Mercedes CLA 220 CDI<\/figcaption><\/figure>\n<\/figure>\n\n\n\n<p>Ich habe ihn mal auf der Autobahn ausprobiert. Nachdem ich den Tacho mit GPS abgeglichen habe, wei\u00df ich, der ist recht genau. Durch die Bank zeigt er zwischen 1 und 2 kmh zuviel an.<\/p>\n\n\n\n<p>Auf der Autobahn habe ich laut Tacho 175kmh auf der Geraden erreicht. Das sind mehr als 170 echte kmh. Daf\u00fcr, dass er &#8222;nur&#8220; 160 laufen soll, rennt er ganz sch\u00f6n.<\/p>\n\n\n\n<p>Zugegeben, ich habe mir das Auto nicht f\u00fcr Fernreisen, Autobahnfahrten oder 24 Stunden-Rennen gekauft, sondern weil ich ein Auto haben wollte, mit dem ich in dem Gebiet zwischen N\u00fcrnberg, M\u00fcnchen, Regensburg, Augsburg, Landshut und Ingolstadt fahren kann und auch immer wieder heimkomme, ohne unterwegs laden zu m\u00fcssen. <\/p>\n\n\n\n<p>Das kann das Auto. Dass er mir nebenbei auch noch gef\u00e4llt, ist ja keine S\u00fcnde. <\/p>\n\n\n\n<p>Und er hat Heckantrieb! \ud83d\ude42<\/p>\n\n\n\n<hr class=\"wp-block-separator has-alpha-channel-opacity\"\/>\n\n\n\n<h2 class=\"wp-block-heading\">Erstes Monatsfazit (Dez.2024)<\/h2>\n\n\n\n<details class=\"wp-block-details is-layout-flow wp-block-details-is-layout-flow\"><summary>mehr&#8230;<\/summary>\n<p><\/p>\n\n\n\n<p>25.11.24<br>Auslieferung&nbsp;<br>Akku 64% (41KWh)<\/p>\n\n\n\n<p>27.12.24<br>Kilometerstand 1888 km\u00a0<br>Akku 80% (51KWh)<br>Stromverbrauch eigene Wallbox 394 KWh<br>Stromverbrauch DC-Lader 84 KWh<br>Summe Stromverbrauch: 488 KWh<\/p>\n\n\n\n<p>Das macht Verbrauch pro 100km inkl. Ladeverluste:<br>488\/1888*100=<br>25,847 KWh\/100km<\/p>\n\n\n\n<p>Das kostete:<br>Strompreis Wallbox 33,3\u00a2<br>0,333\u20ac * 394 KWh = 131,2\u20ac<br>Preis DC-Lader 58,34\u20ac<br>Summe Kosten:<br>131,2\u20ac + 58,3\u20ac =<br>189,5\u20ac<\/p>\n\n\n\n<p>Kosten pro 100km:<br>189,5\u20ac \/ 1888km * 100 =<br>10,03\u20ac<\/p>\n\n\n\n<p>Betrachtung Alternative Diesel:<br>Derzeitiger Dieselpreis 1,59\u20ac<br>10,03\u20ac \/ 1,59 \u20ac\/L = 6,3L<br>Ein Diesel mit dem Verbrauch von 6,3 Litern kostet also nicht mehr! Mein Mercedes CLA mit gleichen Fahrleistungen brauchte nicht mehr.<\/p>\n\n\n\n<p>Nun werden einige sagen, ich habe beim DC-Lader zu teuer geladen. Also rechnen wir einfach mal den Tesla-Fremdfahrzeugpreis, der mit 47\u00a2 am Tesla-DC-Ladern recht g\u00fcnstig ist und f\u00fcr Leute ohne eigene Wallbox wohl \u00fcblich ist. Also rechnen wir einmal anstatt Wallbox + DC-Lader nur einen g\u00fcnstigen DC-Lader bspw. von Tesla oder Lidl-Kundenpreis.<br>488KWh * 0,47\u20ac = 229,36\u20ac<br>Betrachten wir dies nun mit der Alternative Diesel, sieht es so aus:<br>229\u20ac \/ 1888km * 100 =12,129\u20ac\/100km<br>Macht dann einen Verbrauch von<br>12,12\u20ac\/100km \/ 1,59\u20ac\/L = 7,623L\/100km<br>Kurzum, damit fahre ich einen Mercedes Vito mit 8 Personen.<\/p>\n\n\n\n<p>Nicht das ich gegen meinen MG4 wettern will. Nur habe ich eben nicht die gr\u00fcne Brille auf und stelle fest, bei den h\u00f6heren Anschaffungskosten, anteilig auf die Lebenszeit umgelegt, machen 2000\u20ac pro Jahr. Daf\u00fcr kann man locker alle 2 Jahre eine Insprektion bezahlen, die so beim Stromer nicht anf\u00e4llt.<\/p>\n\n\n\n<p>Und ja, der MG4 electric macht wirklich Spa\u00df beim fahren, aber eine Idealisierung von E-Autos ist (derzeit) wahrlich nicht angebracht.<br>Bedenkt man, wenn man weitere Fahrten vor hat, dass man doch nicht geringe Umwege in Kauf nehmen muss, um DC-Lades\u00e4ulen mit 150KW zu finden und dass dort dann die KWh-Preise mit bis zu 1\u20ac unversch\u00e4mt sind, dann k\u00f6nnte man gleichzeitig mit zwei Dieseln fahren&#8230;<\/p>\n\n\n\n<p id=\"block-62c63910-56b7-4aaf-a3e0-0b8ee3b55633\">Die E-Auto-Fanboys werden mich jetzt l\u00fcnchen wollen, denn wenn jemand sowas sagt, wie ich gerade, dann heisst es entweder, er sei zu doof zum Fahren, habe die falsche Stromkarte oder generell keine Ahnung.<\/p>\n\n\n\n<p id=\"block-8ba8ee1e-42cb-4364-a697-759f60089add\">Wenn ein E-Auto den Verbrenner ersetzen soll, dann muss er im Winter auch warm machen, meinen Hintern ggf. w\u00e4rmen (Sitzheizung), die Scheiben frei halten (Scheibenheizung) etc. etc.<\/p>\n<\/details>\n\n\n\n<hr class=\"wp-block-separator has-alpha-channel-opacity\"\/>\n\n\n\n<h2 class=\"wp-block-heading\">Die erste DC-Ladung (Nov.2024)<\/h2>\n\n\n\n<details class=\"wp-block-details is-layout-flow wp-block-details-is-layout-flow\"><summary>mehr&#8230; <\/summary>\n<p>Nun, da ich zu Hause zwar eine 11KW Wallbox habe, wegen Bauarbeiten aber momentan nicht drankomme, habe ich heute eine Schnelladung durchgef\u00fchrt. Bei 5\u00b0 hatte ich nach knapp 32 Minuten am 150er DC-Lader von 26% auf 88% geladen. Kurz rund 40KWh.<\/p>\n\n\n\n<p>Hab das auch das erste Mal gemacht. War aber nicht schwer: Kabel rein, Karte an die S\u00e4ule halten und loslegen. Wenn man beenden will, muss man seine Karte nochmal hinhalten und kann dann beenden. Nur der Stecker ging am Auto nicht mehr raus, zumindest solange, bis ich bemerkt habe, dass solange das Auto verschlossen ist, der Stecker verriegelt ist. <\/p>\n\n\n\n<p>Beim n\u00e4chsten mal dann&#8230;<\/p>\n\n\n\n<figure class=\"wp-block-image size-large\"><img loading=\"lazy\" decoding=\"async\" width=\"1024\" height=\"959\" src=\"https:\/\/headroomx.de\/wp-content\/uploads\/2024\/11\/IMG_2229-1024x959.jpeg\" alt=\"\" class=\"wp-image-4303\" srcset=\"https:\/\/headroomx.de\/wp-content\/uploads\/2024\/11\/IMG_2229-1024x959.jpeg 1024w, https:\/\/headroomx.de\/wp-content\/uploads\/2024\/11\/IMG_2229-300x281.jpeg 300w, https:\/\/headroomx.de\/wp-content\/uploads\/2024\/11\/IMG_2229-768x719.jpeg 768w, https:\/\/headroomx.de\/wp-content\/uploads\/2024\/11\/IMG_2229-1536x1438.jpeg 1536w, https:\/\/headroomx.de\/wp-content\/uploads\/2024\/11\/IMG_2229-2048x1917.jpeg 2048w\" sizes=\"auto, (max-width: 1024px) 100vw, 1024px\" \/><\/figure>\n<\/details>\n\n\n\n<hr class=\"wp-block-separator has-alpha-channel-opacity\"\/>\n\n\n\n<p><\/p>\n","protected":false},"excerpt":{"rendered":"<p>Besser gesagt: MG4 Electric 64 kWh Luxury Nachdem ich f\u00fcr 2 bis 3 Jahre nochmal ein Auto brauche (zus\u00e4tzlich zu den vorhandenen), habe ich beschlossen, einen Stromer zu leasen. Meine Wahl fiel auf den MG, weil er mir gef\u00e4llt, der Denkansatz von MG von Grund auf ein E-Auto ist, und nicht wie bei den deutschen [&hellip;]<\/p>\n","protected":false},"author":1,"featured_media":0,"parent":0,"menu_order":0,"comment_status":"closed","ping_status":"closed","template":"","meta":{"footnotes":""},"class_list":["post-2892","page","type-page","status-publish","czr-hentry"],"_links":{"self":[{"href":"https:\/\/headroomx.de\/index.php?rest_route=\/wp\/v2\/pages\/2892","targetHints":{"allow":["GET"]}}],"collection":[{"href":"https:\/\/headroomx.de\/index.php?rest_route=\/wp\/v2\/pages"}],"about":[{"href":"https:\/\/headroomx.de\/index.php?rest_route=\/wp\/v2\/types\/page"}],"author":[{"embeddable":true,"href":"https:\/\/headroomx.de\/index.php?rest_route=\/wp\/v2\/users\/1"}],"replies":[{"embeddable":true,"href":"https:\/\/headroomx.de\/index.php?rest_route=%2Fwp%2Fv2%2Fcomments&post=2892"}],"version-history":[{"count":18,"href":"https:\/\/headroomx.de\/index.php?rest_route=\/wp\/v2\/pages\/2892\/revisions"}],"predecessor-version":[{"id":4340,"href":"https:\/\/headroomx.de\/index.php?rest_route=\/wp\/v2\/pages\/2892\/revisions\/4340"}],"wp:attachment":[{"href":"https:\/\/headroomx.de\/index.php?rest_route=%2Fwp%2Fv2%2Fmedia&parent=2892"}],"curies":[{"name":"wp","href":"https:\/\/api.w.org\/{rel}","templated":true}]}}